{"id":125882,"date":"2021-03-09T15:05:17","date_gmt":"2021-03-09T15:05:17","guid":{"rendered":"https:\/\/www.lll.tum.de\/?page_id=125882"},"modified":"2022-10-27T09:29:40","modified_gmt":"2022-10-27T07:29:40","slug":"cpea-lunch-learn","status":"publish","type":"page","link":"http:\/\/ex.lll.tum.de.devweb.mwn.de\/de\/cpea-lunch-learn\/","title":{"rendered":"CPEA Lunch &#038; Learn"},"content":{"rendered":"<div class=\"wpb-content-wrapper\"><p>[vc_row full_width=&#8221;stretch_row&#8221; full_height=&#8221;yes&#8221; content_placement=&#8221;middle&#8221; disable_element=&#8221;yes&#8221; dhsv_event_overlay=&#8221;dhsv_event_overlay_grey&#8221; css=&#8221;.vc_custom_1611059250955{background-image: url(https:\/\/www.lll.tum.de\/wp-content\/uploads\/2020\/12\/EMBA_BIT-P-1.jpg?id=61855) !important;background-position: center !important;background-repeat: no-repeat !important;background-size: cover !important;}&#8221;][vc_column][vc_empty_space height=&#8221;150px&#8221;][vc_column_text]<\/p>\n<h1 class=\"tribe-events-single-event-title\">Virtual Info Sessions for the Executive MBA in Business &amp; IT<\/h1>\n<p>[\/vc_column_text][\/vc_column][\/vc_row][vc_row full_width=&#8221;stretch_row_content_no_spaces&#8221; dhsv_background_color=&#8221;bg_brand-primary&#8221;][vc_column][dhsv_vc_header bgimage=&#8221;62223&#8243; art=&#8221;grafik_no_overlay&#8221; height=&#8221;large&#8221; headline=&#8221;Certified Private Equity Analyst<br \/>\nCPEA Lunch &amp; Learn&#8221; headline_format=&#8221;h1&#8243;][\/vc_column][\/vc_row][vc_row][vc_column width=&#8221;1\/4&#8243;][vc_empty_space height=&#8221;5px&#8221;][dhsv_vc_event_box event_box_icon=&#8221;ion-calendar&#8221; event_box_headline=&#8221;Termine&#8221; event_box_info=&#8221;custom&#8221; event_box_custom_content=&#8221;Termine siehe unten&#8221;][\/vc_column][vc_column width=&#8221;1\/4&#8243;][vc_empty_space height=&#8221;5px&#8221;][dhsv_vc_event_box event_box_icon=&#8221;ion-chatbubble&#8221; event_box_headline=&#8221;Sprache&#8221; event_box_info=&#8221;custom&#8221; event_box_custom_content=&#8221;Deutsch&#8221;][\/vc_column][vc_column width=&#8221;1\/4&#8243;][vc_empty_space height=&#8221;5px&#8221;][dhsv_vc_event_box event_box_icon=&#8221;ion-social-euro&#8221; event_box_headline=&#8221;Kosten&#8221; event_box_info=&#8221;custom&#8221; event_box_custom_content=&#8221;Kostenlose Veranstaltung&#8221;][\/vc_column][vc_column width=&#8221;1\/4&#8243;][vc_empty_space height=&#8221;5px&#8221;][dhsv_vc_event_box event_box_icon=&#8221;ion-android-contact&#8221; event_box_headline=&#8221;Kontakt&#8221; event_box_info=&#8221;custom&#8221; event_box_custom_content=&#8221;Sabine Fischer<br \/>\n+49 89 289 26769&#8243;][\/vc_column][\/vc_row][vc_row disable_element=&#8221;yes&#8221;][vc_column width=&#8221;1\/3&#8243;][vc_empty_space height=&#8221;5px&#8221;][dhsv_vc_event_box event_box_icon=&#8221;ion-calendar&#8221; event_box_headline=&#8221;Appointment Possibilities&#8221; event_box_info=&#8221;custom&#8221; event_box_custom_content=&#8221;27.01.2021<br \/>\n18.02.2021<br \/>\n25.03.2021<br \/>\n20.05.2021<br \/>\n17.06.2021<br \/>\n22.07.2021&#8243;][\/vc_column][vc_column width=&#8221;1\/3&#8243;][vc_empty_space height=&#8221;5px&#8221;][dhsv_vc_event_box event_box_icon=&#8221;ion-wifi&#8221; event_box_headline=&#8221;Website&#8221; event_box_info=&#8221;custom&#8221; href=&#8221;&#8220;www.lll.tum.de\/executive-mba-in-business-it&#8220;&#8221; target=&#8221;&#8220;_blank&#8220;&#8221;][\/vc_column][vc_column width=&#8221;1\/3&#8243;][vc_empty_space height=&#8221;5px&#8221;][dhsv_vc_event_box event_box_icon=&#8221;ion-android-contact&#8221; event_box_headline=&#8221;Contact&#8221; event_box_info=&#8221;custom&#8221; event_box_custom_content=&#8221;info.emba@lll.tum.de<br \/>\nphone: +49 89 289 28474&#8243;][\/vc_column][\/vc_row][vc_row][vc_column width=&#8221;6\/12&#8243;][vc_tta_tabs dhsv_type=&#8221;contenttabs&#8221;][vc_tta_section title=&#8221;\u00dcber das Event&#8221; tab_id=&#8221;1596784710200-63de3efc-e4b98c1a-2f093db1-c9f43745-60ee6277-661e&#8221;][vc_row_inner][vc_column_inner width=&#8221;1\/4&#8243;][dhsv_vc_ionicon icon=&#8221;ion-asterisk&#8221;][\/vc_column_inner][vc_column_inner width=&#8221;3\/4&#8243;][vc_column_text]Deutschsprachige Online Veranstaltungsreihe f\u00fcr Teilnehmer*innen des\u00a0<a href=\"http:\/\/ex.lll.tum.de.devweb.mwn.de\/de\/certificate\/certified-private-equity-analyst-cpea-tum\/\">Zertifikatsprogramm CPEA<\/a> und CPEA Alumni[\/vc_column_text][\/vc_column_inner][\/vc_row_inner][vc_row_inner][vc_column_inner width=&#8221;1\/4&#8243;][dhsv_vc_ionicon icon=&#8221;ion-asterisk&#8221;][\/vc_column_inner][vc_column_inner width=&#8221;3\/4&#8243;][vc_column_text]Pro Quartal\u00a0findet eine Lunch &amp; Learn Session statt (Dauer: ca. 45 Minuten)[\/vc_column_text][\/vc_column_inner][\/vc_row_inner][vc_row_inner][vc_column_inner width=&#8221;1\/4&#8243;][dhsv_vc_ionicon icon=&#8221;ion-asterisk&#8221;][\/vc_column_inner][vc_column_inner width=&#8221;3\/4&#8243;][vc_column_text]<strong>Agenda<\/strong><\/p>\n<p>12:15 Uhr: Herzlich Willkommen<br \/>\n12:20 Uhr \u2013 12:35 Uhr: Expertenbeitrag<br \/>\n12:35 \u2013 13:00 Uhr:\u00a0Q&amp;A und Diskussion<\/p>\n<div><\/div>\n<p>[\/vc_column_text][\/vc_column_inner][\/vc_row_inner][\/vc_tta_section][\/vc_tta_tabs][\/vc_column][vc_column width=&#8221;6\/12&#8243;][vc_empty_space height=&#8221;10px&#8221;][dhsv_vc_single_image image=&#8221;60777&#8243; ratio=&#8221;normal&#8221;][\/vc_column][\/vc_row][vc_row][vc_column][vc_column_text]<\/p>\n<h2 class=\"h2\">Anstehende Veranstaltungen<\/h2>\n<p>[\/vc_column_text][dhsv_vc_event_agenda bgimage=&#8221;46753&#8243; agendaentries=&#8221;%5B%7B%22time%22%3A%22Di.%2006.12.2022%22%2C%22headline%22%3A%22Insolvenzen%20nach%20Corona%3A%20Herausforderungen%20f%C3%BCr%20Private%20Equity%2FVenture%20Capital-Manager%22%2C%22speakername%22%3A%2212%3A15%20Uhr%20-%2013%3A00%20Uhr%3Cbr%3EMarlene%20Ruf%22%2C%22description%22%3A%22Dr.%20Marlene%20Ruf%20ist%20Partnerin%20in%20der%20Restructuring%20Praxisgruppe%20des%20M%C3%BCnchener%20B%C3%BCros%20von%20Kirkland%20%26%20Ellis.%20Ihr%20T%C3%A4tigkeitsschwerpunkt%20liegt%20auf%20grenz%C3%BCberschreitenden%20Restrukturierungen%2C%20bei%20denen%20sie%20Schuldner%2C%20Gl%C3%A4ubiger%2C%20die%20Gesch%C3%A4ftsf%C3%BChrung%20oder%20die%20Gesellschafter%20bei%20Restrukturierungen%2C%20Akquisitionen%20und%20Verk%C3%A4ufen%20von%20Gesch%C3%A4ftsbereichen%20(stressed%20und%20distressed)%20ber%C3%A4t.%20Handelsblatt%20Best%20Lawyers%20listet%20sie%202022%20in%20der%20Kategorie%20%E2%80%9EOnes%20to%20Watch%E2%80%9C%20f%C3%BCr%20Restrukturierung%20und%20Insolvenzrecht%20in%20Deutschland.%20Marlene%20Ruf%20arbeitet%20seit%202017%20als%20Rechtsanw%C3%A4ltin%20bei%20Kirkland.%20Zuvor%20studierte%20sie%20in%20Hamburg%20an%20der%20renommierten%20Bucerius%20Law%20School.%20W%C3%A4hrend%20Ihrer%20Studienzeit%20konnte%20sie%20als%20Rechtreferendarin%20und%20Wissenschaftliche%20Mitarbeiterin%20Erfahrung%20bei%20Latham%20%26%20Watkins%2C%20G%C3%96RG%2C%20Gleiss%20Lutz%20und%20der%20Deutsch-Indischen%20Handelskammer%20in%20Neu%20Delhi%20sammeln.%20%3Cbr%3E%5Cn%3Cbr%3E%5Cn-12%3A15%20%E2%80%93%2012%3A20%20Uhr%3A%20Begr%C3%BC%C3%9Fung%20durch%20das%20TUM%20Institute%20for%20LifeLong%20Learning%20%3Cbr%3E%5Cn-12%3A20%20%E2%80%93%2012%3A40%20Uhr%3A%20Expertenbeitrag%20%3Cbr%3E%5Cn-12%3A40%20%E2%80%93%2013%3A00%20Uhr%3A%20Q%26A%20und%20Diskussion%3Cbr%3E%22%7D%2C%7B%22time%22%3A%22Mi.%2011.05.2022%22%2C%22headline%22%3A%22Finanzierung%20deutscher%20Start-Ups%20und%20Scale-Ups%20im%20internationalen%20Kontext%22%2C%22speakername%22%3A%2212%3A15%20Uhr%20-%2013%3A00%20Uhr%3Cbr%3EJens%20D%C3%BCing%22%2C%22description%22%3A%22Aufgewachsen%20in%20Niedersachsen%2C%20lebt%20Jens%20D%C3%BCing%20seit%201998%20im%20englischsprachigen%20Ausland.%20Nach%20dem%20Erhalt%20eines%20Master%20Titels%20in%20der%20Theoretischen%20Physik%20beriet%20Jens%20%20als%20Investment%20Banker%20Technologie-%20und%20Telekomfirmen%20bei%20Fusionen%20und%20%C3%9Cbernahme.%20Darunter%20befanden%20sich%20auch%20in%20Deutschland%20bekannte%20gro%C3%9Fe%20und%20kleine%20Technologieunternehmen%20wie%20z.B.%20die%20Deutsche%20Telekom%20(beim%20R%C3%BCckkauf%20der%20T-Online%20AG)%20oder%20WEB.DE%20(beim%20Verkauf%20an%20die%20United%20Internet%20AG).%3Cbr%3E%5Cn%5CnNach%20einem%20MBA%20Studium%20im%20kalifornischen%20Berkeley%20kehrte%20Jens%202008%20nach%20Europa%20zur%C3%BCck%20und%20investiert%20seitdem%20in%20innovative%20Softwareunternehmen%20in%20ganz%20Europa.%20Seit%202012%20verantwortet%20Jens%20das%20Deutschlandgesch%C3%A4ft%20des%20auf%20Scale%20Ups%20fokussierten%20Londoner%20Investors%20Frog%20Capital.%20In%20Deutschland%20hat%20Frog%20investiert%20in%20McMakler%2C%20den%20f%C3%BChrenden%20digitalen%20Immobilienmakler%2C%20Caspar%20Health%2C%20Deutschlands%20Tele-Reha%20Nachsorge%20Portal%2C%20sofatutor%2C%20Deutschlands%20gr%C3%B6%C3%9Fter%20online%20Lernplattform%2C%20und%20Sellics%2C%20dem%20f%C3%BChrenden%20Anbieter%20von%20Analytics%20L%C3%B6sungen%20f%C3%BCr%20Amazonverk%C3%A4ufer.%3Cbr%3E%3Cbr%3E%5Cn%5Cn-12%3A15%20Uhr%3A%20Welcome%20TUM%2C%20Vorstellung%20des%20Referenten%3A%3Cbr%3E%20Jens%20D%C3%BCing%3Cbr%3E%5Cn-12%3A20%20%E2%80%93%2012%3A35%20Uhr%3A%20Input%3Cbr%3E%5Cn-12%3A35%20%E2%80%93%2013%3A00%20Uhr%3A%20Q%26A%20und%20Diskussion%3Cbr%3E%22%7D%2C%7B%22time%22%3A%22Di.%2001.03.2022%22%2C%22headline%22%3A%22M%26A%20insights%3A%20Gr%C3%BCnde%20warum%20M%26A-Transaktionen%20nicht%20erfolgreich%20abgeschlossen%20wurden%22%2C%22speakername%22%3A%2212%3A15%20Uhr%20-%2013%3A00%20Uhr%3Cbr%3E%20Ekkehard%20Horn%22%2C%22description%22%3A%22Ekkehard%20Horn%20ist%20bei%20der%20Commerzbank%20seit%202011%20verantwortlich%20f%C3%BCr%20den%20Gesch%C3%A4ftsbereich%20Financial%20Sponsor%20Coverage%20und%20hat%20f%C3%BCr%20deren%20Portfoliogesellschaften%20zahlreiche%20M%26A-Transaktionen%20und%20namhafte%20B%C3%B6rseng%C3%A4nge%20initiiert.%20Davor%20hat%20er%20%C3%BCber%20viele%20Jahre%20strukturierte%20LBO-Finanzierungen%20f%C3%BCr%20Private%20Equity%20Investoren%20als%20Transaction%20Lead%20erfolgreich%20arrangiert.%20Ekkehard%20ist%20ein%20ausgewiesener%20Insider%20der%20Private%20Equity%20Industrie%20und%20der%20handelnden%20Personen.%20Zugleich%20ist%20er%20ein%20gefragter%20Ratgeber%20f%C3%BCr%20Eigent%C3%BCmer%2F-familien%20die%20einen%20Verkauf%20ihres%20unternehmerischen%20Lebenswerks%20beabsichtigen.%20F%C3%BCr%20diese%20Aufgabe%20beobachtet%20und%20analysiert%20er%20die%20lfd.%20M%26A-Aktivit%C3%A4ten%20in%20D%2FA%2FCH.%20%3Cbr%3E%3Cbr%3E%5Cn-12%3A15%20Uhr%3A%20Welcome%20TUM%2C%20Vorstellung%20des%20Referenten%3A%20Ekkehard%20Horn%3Cbr%3E%5Cn-12%3A20%20%E2%80%93%2012%3A45%20Uhr%3A%20Input%3Cbr%3E%5Cn-12%3A45%20%E2%80%93%2013%3A00%20Uhr%3A%20Q%26A%20und%20Diskussion%5Cn%22%7D%2C%7B%22time%22%3A%22Di.%2030.11.2021%22%2C%22headline%22%3A%22Der%20B%C3%B6rsengang%3A%20Wachstumsfinanzierung%20oder%20Exit-Strategie%22%2C%22speakername%22%3A%2212%3A15%20Uhr%20-%2013%3A00%20Uhr%3Cbr%3EPeter%20Fricke%22%2C%22description%22%3A%22Peter%20Fricke%20verantwortet%20bei%20der%20Deutschen%20B%C3%B6rse%20im%20Bereich%20Cash%20Market%20die%20vorb%C3%B6rslichen%20Aktivit%C3%A4ten%20vom%20Deutschen%20B%C3%B6rse%20Venture%20Network%20bis%20hin%20zur%20IPO%20Execution.%20Vor%20seiner%20T%C3%A4tigkeit%20bei%20der%20Deutschen%20B%C3%B6rse%20leitete%20er%20das%20Representative%20Office%20der%20Derivateb%C3%B6rse%20Eurex%20in%20Singapur%20und%20war%20zuvor%20im%20Bereich%20Business%20Development%20in%20der%20Region%20Asien-Pazifik%20t%C3%A4tig.%20Er%20erwarb%20sein%20Diplom%20in%20VWL%20an%20der%20Universit%C3%A4t%20Mannheim%20und%20besuchte%20auch%20die%20Chulalongkorn%20Universit%C3%A4t%20in%20Bangkok.%3Cbr%3E%3Cbr%3E%5Cn%5Cn-12%3A15%20Uhr%3A%20Welcome%20TUM%2C%20Vorstellung%20des%20Referenten%3APeter%20Fricke%3Cbr%3E%5Cn-12%3A20%20%E2%80%93%2012%3A35%20Uhr%3A%20Input%3Cbr%3E%5Cn-12%3A35%20%E2%80%93%2013%3A00%20Uhr%3A%20Q%26A%20und%20Diskussion%3Cbr%3E%22%7D%2C%7B%22time%22%3A%22Mi.%2007.07.2021%22%2C%22headline%22%3A%22Diversity%20in%20Private%20Equity%3A%20Relevanz%20%26%20Erfolgsfaktoren%20f%C3%BCr%20eine%20diverse%20Private%20Equity%20Branche%22%2C%22speakername%22%3A%2212%3A15%20Uhr%20-%2013%3A00%20Uhr%3Cbr%3ELaura%20Schr%C3%B6der%3B%20Inna%20Gehrt%22%2C%22description%22%3A%22Laura%20Schr%C3%B6der%20ist%20seit%202010%20in%20der%20Private%20Equity%20Branche%20t%C3%A4tig%20und%20hat%20zahlreiche%20Transaktionen%20im%20Bereich%20mid-%20und%20large-cap%20f%C3%BCr%20die%203i%20Group%20und%20Advent%20International%20mitverantwortet.%20Ab%20Juli%202021%20wird%20sie%20als%20Director%20bei%20KKR%20Frankfurt%20Private%20Equity%20Deals%20im%20deutschsprachigen%20Raum%20verantworten.%5CnLaura%20ist%20Teil%20des%20Gr%C3%BCndungskomitees%20von%20Level%2020%20Deutschland%20und%20hat%20im%20Jahr%202016%20das%20Level%2020%20Deutschland%20Mentoring%20Programm%20ins%20Leben%20gerufen.%3Cbr%3E%3Cbr%3E%5CnInna%20Gehrt%20ist%20Managing%20Partner%20bei%20MCP%20Invest%2C%20war%20davor%20bei%20Jacobs%20Holding%20und%20Quadriga%20t%C3%A4tig%20und%20ist%20seit%202007%20in%20der%20PE%20Branche%20aktiv.%20Inna%20setzt%20sich%20intensiv%20f%C3%BCr%20Diversity%20ein%20und%20hat%20mehrere%20Organisationen%20in%20DACH%20gegr%C3%BCndet%2C%20u.a.%20Woman%20In%20Finance%20und%20Working%20Moms%20Schweiz.%20Inna%20ist%20Teil%20des%20German%20Comittee%20von%20Level20.%3Cbr%3E%3Cbr%3E%5Cn%5Cn-12%3A15%20Uhr%3A%20Welcome%20TUM%2C%20Vorstellung%20der%20ReferentInnen%3Cbr%3E%5Cn-12%3A20%20%E2%80%93%2012%3A35%20Uhr%3A%20Input%3Cbr%3E%5Cn-12%3A35%20%E2%80%93%2013%3A00%20Uhr%3A%20Q%26A%20und%20Diskussion%3Cbr%3E%22%7D%2C%7B%22time%22%3A%22Do.%2001.06.2021%22%2C%22headline%22%3A%22Corporate%20Venture%20Capital%22%2C%22speakername%22%3A%2212%3A15%20Uhr%20-%2013%3A00%20Uhr%20%3Cbr%3E%20Markus%20Solibieda%22%2C%22description%22%3A%22Markus%20Solibieda%20ist%20seit%20November%202016%20Gesch%C3%A4ftsf%C3%BChrer%20der%20BASF%20Venture%20Capital%20GmbH.%5CnZuvor%20leitete%20er%20seit%202013%20als%20Partner%20das%20Frankfurter%20B%C3%BCro%20von%20Mandarin%20Capital%20Partners%20und%20war%20vor%20dieser%20Zeit%20Mitgr%C3%BCnder%20von%20Baigo%20Capital%2C%20einem%20auf%20Healthcare%20fokussierten%20Growth%20Capital%20Fund.%20Markus%20Solibieda%20startete%20seine%20berufliche%20Karriere%20im%20Venture%20Capital-Team%20der%20Deutschen%20Beteiligungs%20AG%20und%20war%20anschlie%C3%9Fend%20f%C3%BCr%20Advent%20International%20und%203i%20in%20Frankfurt%20und%20London%20t%C3%A4tig.%20In%20den%20Jahren%201999-2002%20war%20er%20CFO%20der%20ACG%2C%20einem%20b%C3%B6rsennotierten%20Anbieter%20von%20Chipkarten%2C%20RFID-Technologie%20und%20Halbleiter-Komponenten.%5Cn%3Cbr%3E%3Cbr%3E%5Cn-12%3A15%20Uhr%3A%20Welcome%20TUM%2C%20Vorstellung%20des%20Referenten%3Cbr%3E%5Cn-12%3A20%20%E2%80%93%2012%3A35%20Uhr%3A%20Input%3Cbr%3E%5Cn-12%3A35%20%E2%80%93%2013%3A00%20Uhr%3A%20Q%26A%20und%20Diskussion%3Cbr%3E%22%7D%2C%7B%22time%22%3A%22Do.%2029.04.2021%22%2C%22headline%22%3A%22ESG%20und%20Private%20Equity%3A%20Pflicht%2C%20K%C3%BCr%20oder%20Werthebel%3F%22%2C%22speakername%22%3A%2212%3A15%20Uhr%20-%2013%3A00%20Uhr%3Cbr%3E%20Max%20W.%20R%C3%B6mer%22%2C%22description%22%3A%22Max%20W.%20R%C3%B6mer%20ist%20Gr%C3%BCndungspartner%20von%20Quadriga%20Capital.%20Er%20hat%20in%20%C3%BCber%2040%20Jahren%20im%20mittelst%C3%A4ndischen%20Beteiligungsgesch%C3%A4ft%20vielf%C3%A4ltige%20F%C3%BChrungsaufgaben%20wahrgenommen%20und%20zahlreiche%20Transaktionen%20begleitet.%20Dies%20bezieht%20sich%20u.a.%20auf%20Unternehmen%20in%20den%20Sektoren%20Tech-Enabled%20Services%2C%20Smart%20Industries%20und%20Healthcare%20sowie%20der%20Konsumg%C3%BCterindustrie.%20Zuvor%20war%20Max%20R%C3%B6mer%20u.a.%20f%C3%BCr%20die%20DEG%20-%20Deutsche%20Investitions-%20und%20Entwicklungsgesellschaft%20mbH%2C%20K%C3%B6ln%20-%20t%C3%A4tig%20sowie%20f%C3%BCr%20die%20Etablierung%20der%20mittelst%C3%A4ndischen%20Beteiligungsaktivit%C3%A4ten%20der%20CVC%20Capital%20Partners%20in%20Deutschland%20verantwortlich.%3Cbr%3E%3Cbr%3E%5Cn%5Cn-12%3A15%20Uhr%3A%20Welcome%20TUM%2C%20Vorstellung%20der%20Referenten%3Cbr%3E%5Cn-12%3A20%20%E2%80%93%2012%3A35%20Uhr%3A%20Input%3Cbr%3E%5Cn-12%3A35%20%E2%80%93%2013%3A00%20Uhr%3A%20Q%26A%20und%20Diskussion%3Cbr%3E%22%7D%2C%7B%22time%22%3A%22Mi.%2031.03.2021%22%2C%22headline%22%3A%22Mittelstandsfinanzierung%20und%20Corona%3A%20Was%20hat%20sich%20im%20letzten%20Jahr%20ge%C3%A4ndert%3F%22%2C%22speakername%22%3A%2212%3A15%20Uhr%20-%2013%3A00%20Uhr%3Cbr%3EDr.%20Robert%20Hennigs%22%2C%22description%22%3A%22Dr.%20Robert%20Hennigs%20ist%20seit%202004%20Gesch%C3%A4ftsf%C3%BChrer%20und%20Partner%20bei%20Finatem.%20Davor%20war%20er%20als%20Gesch%C3%A4ftsf%C3%BChrer%20der%20DZ%20Equity%20Partner%20sowie%20der%20GZ%20Capital%20Partner%20f%C3%BCr%20die%20Betreuung%20von%20Portfoliounternehmen%20sowie%20Investitionen%20in%20Private%20Equity%20Fonds%20verantwortlich.%20Er%20begann%20seine%20Karriere%20bei%20der%20BHF%20Bank%20Corporate%20Finance%20bei%20der%20f%C3%BCr%20Mittelstandstransaktionen%20zust%C3%A4ndigen%20Private%20Equity%20Tochtergesellschaft.%3Cbr%3E%3Cbr%3E%5Cn%5Cn-12%3A15%20Uhr%3A%20Welcome%20TUM%2C%20Vorstellung%20des%20Referenten%3A%3Cbr%3E%20Dr.%20Robert%20Hennigs%3Cbr%3E%5Cn-12%3A20%20%E2%80%93%2012%3A35%20Uhr%3A%20Input%3Cbr%3E%5Cn-12%3A35%20%E2%80%93%2013%3A00%20Uhr%3A%20Q%26A%20und%20Diskussion%3Cbr%3E%22%7D%5D&#8221;][\/vc_column][\/vc_row][vc_row full_width=&#8221;stretch_row_content_no_spaces&#8221; disable_element=&#8221;yes&#8221;][vc_column][dhsv_vc_trenner bgimage=&#8221;&#8221; cta=&#8221;yes&#8221; type=&#8221;&#8221; bgcolor=&#8221;&#8221; headline=&#8221;Sind Sie interessiert an unserem Event?&#8221; subline=&#8221;Bitte haben Sie Verst\u00e4ndnis,,dass nur Anmeldungen ber\u00fccksichtigt werden k\u00f6nnen ,die bis zum Vortag des jeweiligen Events bei uns eingehen.&#8221; link=&#8221;url:%23registrieren|title:Jetzt%20registrieren!&#8221; extra_css_classes=&#8221;&#8221; undefined=&#8221;&#8221;][\/vc_column][\/vc_row][vc_row][vc_column][dhsv_vc_event_speaker_slider headline=&#8221;Our Speakers&#8221; speaker_ids=&#8221;169285,126215,157145,135153,161959,135147,126419,126414,147448&#8243;][\/vc_column][\/vc_row][vc_row][vc_column][dhsv_vc_line][\/vc_column][\/vc_row][vc_row disable_element=&#8221;yes&#8221; el_id=&#8221;registrieren&#8221;][vc_column][\/vc_column][\/vc_row][vc_row][vc_column][dhsv_vc_contacts contact_modal=&#8221;modal&#8221; post_id=&#8221;138410&#8243;]<\/p>\n<h5>Einen Einladungslink haben Sie von uns per Mail erhalten. Sollten Sie diesen nicht mehr finden, melden Sie sich gern bei uns.<\/h5>\n<p>[\/dhsv_vc_contacts][\/vc_column][\/vc_row]<\/p>\n<\/div>","protected":false},"excerpt":{"rendered":"<p>[vc_row full_width=&#8221;stretch_row&#8221; full_height=&#8221;yes&#8221; content_placement=&#8221;middle&#8221; disable_element=&#8221;yes&#8221; dhsv_event_overlay=&#8221;dhsv_event_overlay_grey&#8221; css=&#8221;.vc_custom_1611059250955{background-image: url(https:\/\/www.lll.tum.de\/wp-content\/uploads\/2020\/12\/EMBA_BIT-P-1.jpg?id=61855) !important;background-position: center !important;background-repeat: no-repeat !important;background-size: cover !important;}&#8221;][vc_column][vc_empty_space height=&#8221;150px&#8221;][vc_column_text] Virtual Info Sessions for the Executive MBA in Business &amp; IT [\/vc_column_text][\/vc_column][\/vc_row][vc_row full_width=&#8221;stretch_row_content_no_spaces&#8221; dhsv_background_color=&#8221;bg_brand-primary&#8221;][vc_column][dhsv_vc_header bgimage=&#8221;62223&#8243; art=&#8221;grafik_no_overlay&#8221; height=&#8221;large&#8221; headline=&#8221;Certified Private Equity Analyst CPEA Lunch &amp; Learn&#8221; headline_format=&#8221;h1&#8243;][\/vc_column][\/vc_row][vc_row][vc_column width=&#8221;1\/4&#8243;][vc_empty_space height=&#8221;5px&#8221;][dhsv_vc_event_box event_box_icon=&#8221;ion-calendar&#8221; event_box_headline=&#8221;Termine&#8221; event_box_info=&#8221;custom&#8221; event_box_custom_content=&#8221;Termine siehe unten&#8221;][\/vc_column][vc_column width=&#8221;1\/4&#8243;][vc_empty_space height=&#8221;5px&#8221;][dhsv_vc_event_box event_box_icon=&#8221;ion-chatbubble&#8221; event_box_headline=&#8221;Sprache&#8221; event_box_info=&#8221;custom&#8221; event_box_custom_content=&#8221;Deutsch&#8221;][\/vc_column][vc_column width=&#8221;1\/4&#8243;][vc_empty_space height=&#8221;5px&#8221;][dhsv_vc_event_box event_box_icon=&#8221;ion-social-euro&#8221; event_box_headline=&#8221;Kosten&#8221; event_box_info=&#8221;custom&#8221; event_box_custom_content=&#8221;Kostenlose Veranstaltung&#8221;][\/vc_column][vc_column width=&#8221;1\/4&#8243;][vc_empty_space height=&#8221;5px&#8221;][dhsv_vc_event_box event_box_icon=&#8221;ion-android-contact&#8221; event_box_headline=&#8221;Kontakt&#8221; event_box_info=&#8221;custom&#8221; event_box_custom_content=&#8221;Sabine Fischer +49 89 289 26769&#8243;][\/vc_column][\/vc_row][vc_row disable_element=&#8221;yes&#8221;][vc_column width=&#8221;1\/3&#8243;][vc_empty_space height=&#8221;5px&#8221;][dhsv_vc_event_box event_box_icon=&#8221;ion-calendar&#8221; event_box_headline=&#8221;Appointment Possibilities&#8221; <a target=\"_blank\" class=\"moretag\" href=\"http:\/\/ex.lll.tum.de.devweb.mwn.de\/de\/cpea-lunch-learn\/\">Read More here<\/a><\/p>\n","protected":false},"author":23,"featured_media":0,"parent":0,"menu_order":82,"comment_status":"closed","ping_status":"closed","template":"","meta":[],"acf":[],"yoast_head":"<!-- This site is optimized with the Yoast SEO Premium plugin v19.5 (Yoast SEO v19.10) - https:\/\/yoast.com\/wordpress\/plugins\/seo\/ -->\n<title>CPEA Lunch &amp; Learn - TUM Executive &amp; Professional Education<\/title>\n<meta name=\"robots\" content=\"noindex, follow, max-snippet:-1, max-image-preview:large, max-video-preview:-1\" \/>\n<meta property=\"og:locale\" content=\"de_DE\" \/>\n<meta property=\"og:type\" content=\"article\" \/>\n<meta property=\"og:title\" content=\"CPEA Lunch &amp; Learn\" \/>\n<meta property=\"og:description\" content=\"[vc_row full_width=&#8221;stretch_row&#8221; full_height=&#8221;yes&#8221; content_placement=&#8221;middle&#8221; disable_element=&#8221;yes&#8221; dhsv_event_overlay=&#8221;dhsv_event_overlay_grey&#8221; css=&#8221;.vc_custom_1611059250955{background-image: url(https:\/\/www.lll.tum.de\/wp-content\/uploads\/2020\/12\/EMBA_BIT-P-1.jpg?id=61855) !important;background-position: center !important;background-repeat: no-repeat !important;background-size: cover !important;}&#8221;][vc_column][vc_empty_space height=&#8221;150px&#8221;][vc_column_text] Virtual Info Sessions for the Executive MBA in Business &amp; IT [\/vc_column_text][\/vc_column][\/vc_row][vc_row full_width=&#8221;stretch_row_content_no_spaces&#8221; dhsv_background_color=&#8221;bg_brand-primary&#8221;][vc_column][dhsv_vc_header bgimage=&#8221;62223&#8243; art=&#8221;grafik_no_overlay&#8221; height=&#8221;large&#8221; headline=&#8221;Certified Private Equity Analyst CPEA Lunch &amp; Learn&#8221; headline_format=&#8221;h1&#8243;][\/vc_column][\/vc_row][vc_row][vc_column width=&#8221;1\/4&#8243;][vc_empty_space height=&#8221;5px&#8221;][dhsv_vc_event_box event_box_icon=&#8221;ion-calendar&#8221; event_box_headline=&#8221;Termine&#8221; event_box_info=&#8221;custom&#8221; event_box_custom_content=&#8221;Termine siehe unten&#8221;][\/vc_column][vc_column width=&#8221;1\/4&#8243;][vc_empty_space height=&#8221;5px&#8221;][dhsv_vc_event_box event_box_icon=&#8221;ion-chatbubble&#8221; event_box_headline=&#8221;Sprache&#8221; event_box_info=&#8221;custom&#8221; event_box_custom_content=&#8221;Deutsch&#8221;][\/vc_column][vc_column width=&#8221;1\/4&#8243;][vc_empty_space height=&#8221;5px&#8221;][dhsv_vc_event_box event_box_icon=&#8221;ion-social-euro&#8221; event_box_headline=&#8221;Kosten&#8221; event_box_info=&#8221;custom&#8221; event_box_custom_content=&#8221;Kostenlose Veranstaltung&#8221;][\/vc_column][vc_column width=&#8221;1\/4&#8243;][vc_empty_space height=&#8221;5px&#8221;][dhsv_vc_event_box event_box_icon=&#8221;ion-android-contact&#8221; event_box_headline=&#8221;Kontakt&#8221; event_box_info=&#8221;custom&#8221; event_box_custom_content=&#8221;Sabine Fischer +49 89 289 26769&#8243;][\/vc_column][\/vc_row][vc_row disable_element=&#8221;yes&#8221;][vc_column width=&#8221;1\/3&#8243;][vc_empty_space height=&#8221;5px&#8221;][dhsv_vc_event_box event_box_icon=&#8221;ion-calendar&#8221; event_box_headline=&#8221;Appointment Possibilities&#8221; Read More here\" \/>\n<meta property=\"og:url\" content=\"http:\/\/ex.lll.tum.de.devweb.mwn.de\/de\/cpea-lunch-learn\/\" \/>\n<meta property=\"og:site_name\" content=\"TUM Executive &amp; Professional Education\" \/>\n<meta property=\"article:modified_time\" content=\"2022-10-27T07:29:40+00:00\" \/>\n<meta name=\"twitter:card\" content=\"summary_large_image\" \/>\n<meta name=\"twitter:label1\" content=\"Gesch\u00e4tzte Lesezeit\" \/>\n\t<meta name=\"twitter:data1\" content=\"2\u00a0Minuten\" \/>\n<script type=\"application\/ld+json\" class=\"yoast-schema-graph\">{\"@context\":\"https:\/\/schema.org\",\"@graph\":[{\"@type\":\"WebPage\",\"@id\":\"http:\/\/ex.lll.tum.de.devweb.mwn.de\/de\/cpea-lunch-learn\/\",\"url\":\"http:\/\/ex.lll.tum.de.devweb.mwn.de\/de\/cpea-lunch-learn\/\",\"name\":\"CPEA Lunch & Learn - TUM Executive &amp; Professional Education\",\"isPartOf\":{\"@id\":\"http:\/\/ex.lll.tum.de.devweb.mwn.de\/#website\"},\"datePublished\":\"2021-03-09T15:05:17+00:00\",\"dateModified\":\"2022-10-27T07:29:40+00:00\",\"breadcrumb\":{\"@id\":\"http:\/\/ex.lll.tum.de.devweb.mwn.de\/de\/cpea-lunch-learn\/#breadcrumb\"},\"inLanguage\":\"de\",\"potentialAction\":[{\"@type\":\"ReadAction\",\"target\":[\"http:\/\/ex.lll.tum.de.devweb.mwn.de\/de\/cpea-lunch-learn\/\"]}]},{\"@type\":\"BreadcrumbList\",\"@id\":\"http:\/\/ex.lll.tum.de.devweb.mwn.de\/de\/cpea-lunch-learn\/#breadcrumb\",\"itemListElement\":[{\"@type\":\"ListItem\",\"position\":1,\"name\":\"Home\",\"item\":\"http:\/\/ex.lll.tum.de.devweb.mwn.de\/de\/\"},{\"@type\":\"ListItem\",\"position\":2,\"name\":\"CPEA Lunch &#038; Learn\"}]},{\"@type\":\"WebSite\",\"@id\":\"http:\/\/ex.lll.tum.de.devweb.mwn.de\/#website\",\"url\":\"http:\/\/ex.lll.tum.de.devweb.mwn.de\/\",\"name\":\"TUM Executive &amp; Professional Education\",\"description\":\"\",\"potentialAction\":[{\"@type\":\"SearchAction\",\"target\":{\"@type\":\"EntryPoint\",\"urlTemplate\":\"http:\/\/ex.lll.tum.de.devweb.mwn.de\/?s={search_term_string}\"},\"query-input\":\"required name=search_term_string\"}],\"inLanguage\":\"de\"}]}<\/script>\n<!-- \/ Yoast SEO Premium plugin. -->","yoast_head_json":{"title":"CPEA Lunch & Learn - TUM Executive &amp; Professional Education","robots":{"index":"noindex","follow":"follow","max-snippet":"max-snippet:-1","max-image-preview":"max-image-preview:large","max-video-preview":"max-video-preview:-1"},"og_locale":"de_DE","og_type":"article","og_title":"CPEA Lunch & Learn","og_description":"[vc_row full_width=&#8221;stretch_row&#8221; full_height=&#8221;yes&#8221; content_placement=&#8221;middle&#8221; disable_element=&#8221;yes&#8221; dhsv_event_overlay=&#8221;dhsv_event_overlay_grey&#8221; css=&#8221;.vc_custom_1611059250955{background-image: url(https:\/\/www.lll.tum.de\/wp-content\/uploads\/2020\/12\/EMBA_BIT-P-1.jpg?id=61855) !important;background-position: center !important;background-repeat: no-repeat !important;background-size: cover !important;}&#8221;][vc_column][vc_empty_space height=&#8221;150px&#8221;][vc_column_text] Virtual Info Sessions for the Executive MBA in Business &amp; IT [\/vc_column_text][\/vc_column][\/vc_row][vc_row full_width=&#8221;stretch_row_content_no_spaces&#8221; dhsv_background_color=&#8221;bg_brand-primary&#8221;][vc_column][dhsv_vc_header bgimage=&#8221;62223&#8243; art=&#8221;grafik_no_overlay&#8221; height=&#8221;large&#8221; headline=&#8221;Certified Private Equity Analyst CPEA Lunch &amp; Learn&#8221; headline_format=&#8221;h1&#8243;][\/vc_column][\/vc_row][vc_row][vc_column width=&#8221;1\/4&#8243;][vc_empty_space height=&#8221;5px&#8221;][dhsv_vc_event_box event_box_icon=&#8221;ion-calendar&#8221; event_box_headline=&#8221;Termine&#8221; event_box_info=&#8221;custom&#8221; event_box_custom_content=&#8221;Termine siehe unten&#8221;][\/vc_column][vc_column width=&#8221;1\/4&#8243;][vc_empty_space height=&#8221;5px&#8221;][dhsv_vc_event_box event_box_icon=&#8221;ion-chatbubble&#8221; event_box_headline=&#8221;Sprache&#8221; event_box_info=&#8221;custom&#8221; event_box_custom_content=&#8221;Deutsch&#8221;][\/vc_column][vc_column width=&#8221;1\/4&#8243;][vc_empty_space height=&#8221;5px&#8221;][dhsv_vc_event_box event_box_icon=&#8221;ion-social-euro&#8221; event_box_headline=&#8221;Kosten&#8221; event_box_info=&#8221;custom&#8221; event_box_custom_content=&#8221;Kostenlose Veranstaltung&#8221;][\/vc_column][vc_column width=&#8221;1\/4&#8243;][vc_empty_space height=&#8221;5px&#8221;][dhsv_vc_event_box event_box_icon=&#8221;ion-android-contact&#8221; event_box_headline=&#8221;Kontakt&#8221; event_box_info=&#8221;custom&#8221; event_box_custom_content=&#8221;Sabine Fischer +49 89 289 26769&#8243;][\/vc_column][\/vc_row][vc_row disable_element=&#8221;yes&#8221;][vc_column width=&#8221;1\/3&#8243;][vc_empty_space height=&#8221;5px&#8221;][dhsv_vc_event_box event_box_icon=&#8221;ion-calendar&#8221; event_box_headline=&#8221;Appointment Possibilities&#8221; Read More here","og_url":"http:\/\/ex.lll.tum.de.devweb.mwn.de\/de\/cpea-lunch-learn\/","og_site_name":"TUM Executive &amp; Professional Education","article_modified_time":"2022-10-27T07:29:40+00:00","twitter_card":"summary_large_image","twitter_misc":{"Gesch\u00e4tzte Lesezeit":"2\u00a0Minuten"},"schema":{"@context":"https:\/\/schema.org","@graph":[{"@type":"WebPage","@id":"http:\/\/ex.lll.tum.de.devweb.mwn.de\/de\/cpea-lunch-learn\/","url":"http:\/\/ex.lll.tum.de.devweb.mwn.de\/de\/cpea-lunch-learn\/","name":"CPEA Lunch & Learn - TUM Executive &amp; Professional Education","isPartOf":{"@id":"http:\/\/ex.lll.tum.de.devweb.mwn.de\/#website"},"datePublished":"2021-03-09T15:05:17+00:00","dateModified":"2022-10-27T07:29:40+00:00","breadcrumb":{"@id":"http:\/\/ex.lll.tum.de.devweb.mwn.de\/de\/cpea-lunch-learn\/#breadcrumb"},"inLanguage":"de","potentialAction":[{"@type":"ReadAction","target":["http:\/\/ex.lll.tum.de.devweb.mwn.de\/de\/cpea-lunch-learn\/"]}]},{"@type":"BreadcrumbList","@id":"http:\/\/ex.lll.tum.de.devweb.mwn.de\/de\/cpea-lunch-learn\/#breadcrumb","itemListElement":[{"@type":"ListItem","position":1,"name":"Home","item":"http:\/\/ex.lll.tum.de.devweb.mwn.de\/de\/"},{"@type":"ListItem","position":2,"name":"CPEA Lunch &#038; Learn"}]},{"@type":"WebSite","@id":"http:\/\/ex.lll.tum.de.devweb.mwn.de\/#website","url":"http:\/\/ex.lll.tum.de.devweb.mwn.de\/","name":"TUM Executive &amp; Professional Education","description":"","potentialAction":[{"@type":"SearchAction","target":{"@type":"EntryPoint","urlTemplate":"http:\/\/ex.lll.tum.de.devweb.mwn.de\/?s={search_term_string}"},"query-input":"required name=search_term_string"}],"inLanguage":"de"}]}},"_links":{"self":[{"href":"http:\/\/ex.lll.tum.de.devweb.mwn.de\/de\/wp-json\/wp\/v2\/pages\/125882"}],"collection":[{"href":"http:\/\/ex.lll.tum.de.devweb.mwn.de\/de\/wp-json\/wp\/v2\/pages"}],"about":[{"href":"http:\/\/ex.lll.tum.de.devweb.mwn.de\/de\/wp-json\/wp\/v2\/types\/page"}],"author":[{"embeddable":true,"href":"http:\/\/ex.lll.tum.de.devweb.mwn.de\/de\/wp-json\/wp\/v2\/users\/23"}],"replies":[{"embeddable":true,"href":"http:\/\/ex.lll.tum.de.devweb.mwn.de\/de\/wp-json\/wp\/v2\/comments?post=125882"}],"version-history":[{"count":20,"href":"http:\/\/ex.lll.tum.de.devweb.mwn.de\/de\/wp-json\/wp\/v2\/pages\/125882\/revisions"}],"predecessor-version":[{"id":169915,"href":"http:\/\/ex.lll.tum.de.devweb.mwn.de\/de\/wp-json\/wp\/v2\/pages\/125882\/revisions\/169915"}],"wp:attachment":[{"href":"http:\/\/ex.lll.tum.de.devweb.mwn.de\/de\/wp-json\/wp\/v2\/media?parent=125882"}],"curies":[{"name":"wp","href":"https:\/\/api.w.org\/{rel}","templated":true}]}}